{"id":102,"date":"2022-01-01T23:46:27","date_gmt":"2022-01-01T22:46:27","guid":{"rendered":"http:\/\/passionvehiculesvaldesaone.com\/?page_id=102"},"modified":"2022-01-20T21:12:45","modified_gmt":"2022-01-20T20:12:45","slug":"le-reglement-interieur","status":"publish","type":"page","link":"https:\/\/passionvehiculesvaldesaone.com\/index.php\/le-reglement-interieur\/","title":{"rendered":"Le r\u00e8glement int\u00e9rieur"},"content":{"rendered":"\n<p><\/p>\n\n\n\n<h1 class=\"wp-block-heading\"><strong><u>Pr\u00e9ambule<\/u><\/strong><\/h1>\n\n\n\n<p>Le r\u00e8glement int\u00e9rieur a pour objet de pr\u00e9ciser les statuts de l&rsquo;association <strong>PASSION V\u00c9HICULES VAL de SA\u00d4NE <\/strong><strong>(P2VS)<\/strong><strong> <\/strong>dont le si\u00e8ge est&nbsp;fix\u00e9 1 place accarier 70100 ARC LES GRAY.<\/p>\n\n\n\n<p>Le pr\u00e9sent r\u00e8glement int\u00e9rieur est transmis \u00e0 l&rsquo;ensemble des membres ainsi qu&rsquo;\u00e0 chaque nouvel adh\u00e9rent.<\/p>\n\n\n\n<p>Les dispositions du pr\u00e9sent r\u00e8glement doivent \u00eatre interpr\u00e9t\u00e9es \u00e0 la lumi\u00e8re des statuts. En cas d\u2019ambigu\u00eft\u00e9 ou de contradiction, les statuts s\u2019appliquent par priorit\u00e9 sur le r\u00e8glement int\u00e9rieur.<\/p>\n\n\n\n<h1 class=\"wp-block-heading\"><strong><u>Article 1er &#8211; Adh\u00e9sion<\/u><\/strong><\/h1>\n\n\n\n<p>L\u2019adh\u00e9sion \u00e0 l\u2019association \u00e0 quel titre que ce soit entra\u00eene plein et enti\u00e8re acceptation des statuts et du pr\u00e9sent r\u00e8glement int\u00e9rieur.<\/p>\n\n\n\n<h1 class=\"wp-block-heading\"><strong><u>Article 2 <\/u><\/strong><strong><u>&#8211;<\/u><\/strong><strong><u> Cotisation<\/u><\/strong><\/h1>\n\n\n\n<p>Les membres d&rsquo;honneur ne paient pas de cotisation sauf s&rsquo;ils d\u00e9cident de s&rsquo;en acquitter de leur propre volont\u00e9.<\/p>\n\n\n\n<p>Le versement de la cotisation annuelle doit \u00eatre \u00e9tabli obligatoirement par ch\u00e8que \u00e0 l&rsquo;ordre de l&rsquo;association et effectu\u00e9 avant la fin f\u00e9vrier de chaque ann\u00e9e.<\/p>\n\n\n\n<p>Toute cotisation vers\u00e9e \u00e0 l&rsquo;association est d\u00e9finitivement acquise. Un remboursement de cotisation en cours d&rsquo;ann\u00e9e ne peut \u00eatre exig\u00e9 en cas de d\u00e9mission, d&rsquo;exclusion ou de d\u00e9c\u00e8s d&rsquo;un membre.<\/p>\n\n\n\n<h1 class=\"wp-block-heading\"><strong><u>Article 3 \u2013 Protection de la vie priv\u00e9e des adh\u00e9rents<\/u><\/strong><\/h1>\n\n\n\n<p>Les adh\u00e9rents sont inform\u00e9s que l\u2019association met en \u0153uvre un traitement automatis\u00e9 des informations nominatives les concernant.<\/p>\n\n\n\n<p>Ce fichier est \u00e0 l\u2019usage exclusif de l\u2019association ; il pr\u00e9sente un caract\u00e8re obligatoire. L\u2019association s\u2019engage \u00e0 ne pas publier ces donn\u00e9es nominatives sur Internet.<\/p>\n\n\n\n<p>Les informations recueillies sont n\u00e9cessaires pour l\u2019adh\u00e9sion. Elles font l&rsquo;objet d&rsquo;un traitement informatique et sont destin\u00e9es au secr\u00e9tariat de l\u2019association. Elles peuvent donner lieu \u00e0 l&rsquo;exercice du droit d&rsquo;acc\u00e8s et de rectification selon les dispositions de la loi du 6&nbsp;janvier 1978. Pour exercer ce droit et obtenir communication des informations le concernant, l\u2019adh\u00e9rent s\u2019adressera au si\u00e8ge de l\u2019association.<\/p>\n\n\n\n<h1 class=\"wp-block-heading\"><strong><u>Article 4 \u2013 D\u00e9mission \u2013 Exclusion &#8211; D\u00e9c\u00e8s &#8211; Disparition<\/u><\/strong><\/h1>\n\n\n\n<ul><li>La d\u00e9mission doit \u00eatre adress\u00e9e au pr\u00e9sident par lettre recommand\u00e9e. Elle n\u2019a pas \u00e0 \u00eatre motiv\u00e9e par le membre d\u00e9missionnaire.<\/li><li>Comme indiqu\u00e9 \u00e0 l\u2019article 7 des statuts, l\u2019exclusion d\u2019un membre peut \u00eatre prononc\u00e9e par le bureau, pour motif grave. Sont notamment r\u00e9put\u00e9s constituer des motifs graves&nbsp;:<ul><li>une condamnation p\u00e9nale pour crime et d\u00e9lit<\/li><li>toute action de nature \u00e0 porter pr\u00e9judice, directement ou indirectement, aux activit\u00e9s de l\u2019association ou \u00e0 sa r\u00e9putation.<\/li><\/ul><\/li><\/ul>\n\n\n\n<p>En tout \u00e9tat de cause, l\u2019int\u00e9ress\u00e9 doit \u00eatre mis en mesure de pr\u00e9senter sa d\u00e9fense, pr\u00e9alablement \u00e0 la d\u00e9cision d\u2019exclusion<em>.<\/em><\/p>\n\n\n\n<p>La d\u00e9cision d\u2019exclusion est adopt\u00e9e par le bureau statuant \u00e0 la majorit\u00e9 des deux tiers des membres pr\u00e9sents.<\/p>\n\n\n\n<p>En cas de d\u00e9c\u00e8s d\u2019un membre, les h\u00e9ritiers ou les l\u00e9gataires ne peuvent pr\u00e9tendre \u00e0 un quelconque maintien dans l\u2019association.<\/p>\n\n\n\n<p>La cotisation vers\u00e9e \u00e0 l\u2019association est d\u00e9finitivement acquise, m\u00eame cas en cas de d\u00e9mission, d\u2019exclusion, ou de d\u00e9c\u00e8s d\u2019un membre en cours d\u2019ann\u00e9e.<\/p>\n\n\n\n<h1 class=\"wp-block-heading\"><strong><u>Article 5 <\/u><\/strong><strong><u>&#8211;<\/u><\/strong><strong><u> Assembl\u00e9es G\u00e9n\u00e9rales Ordinaire et Extraordinaire<\/u><\/strong><\/h1>\n\n\n\n<ul><li>Votes des membres pr\u00e9sents<\/li><\/ul>\n\n\n\n<p>Les membres pr\u00e9sents votent \u00e0 main lev\u00e9e ou par bulletins secrets \u00e0 l\u2019initiative du pr\u00e9sident.<\/p>\n\n\n\n<ul><li>Votes par procuration<\/li><\/ul>\n\n\n\n<p>Si un membre de l\u2019association ne peut assister personnellement \u00e0 une assembl\u00e9e, il peut s\u2019y faire repr\u00e9senter par un mandataire. Chaque mandataire ne pourra disposer que d\u2019une seule procuration.<\/p>\n\n\n\n<ul><li>Votes par correspondance<\/li><\/ul>\n\n\n\n<p>Il n\u2019est pas pr\u00e9vu de vote par correspondance.<\/p>\n\n\n\n<h1 class=\"wp-block-heading\"><strong><u>Article 6 \u2013 <\/u><\/strong><strong><u>\u00c9lections<\/u><\/strong><strong><u> du bureau<\/u><\/strong><\/h1>\n\n\n\n<p>&#8211; Chaque candidat devra pr\u00e9alablement au vote avoir envoy\u00e9 un courrier de candidature au Pr\u00e9sident. Il appartient au secr\u00e9taire de s\u00e9ance d\u2019\u00e9tablir une liste des candidats. Cette liste devra comporter au moins 6 noms (cf. art.&nbsp; 12 des statuts). Dans le cas contraire il ne pourra \u00eatre proc\u00e9d\u00e9 \u00e0 l\u2019\u00e9lection et le bureau sortant restera en fonction jusqu\u2019\u00e0 ce qu\u2019une liste compl\u00e8te puisse \u00eatre propos\u00e9e au vote de l\u2019assembl\u00e9e.<\/p>\n\n\n\n<p>Le vote a \u00e0 main lev\u00e9e par soucis d\u2019\u00e9cocitoyennet\u00e9 ( minimum de papier).<\/p>\n\n\n\n<p>Sont \u00e9lues les 6 personnes ayant recueilli le plus de voix. En cas d\u2019\u00e9galit\u00e9, un tirage au sort sera effectu\u00e9 par les soins du secr\u00e9taire de s\u00e9ance.<\/p>\n\n\n\n<p>Le nouveau bureau nouvellement \u00e9lu se r\u00e9unit en apart\u00e9 pour \u00e9lire en son sein les titulaires des diff\u00e9rents postes \u00e0 pourvoir. Il sera proc\u00e9d\u00e9 au vote avec autant de tours n\u00e9cessaires de scrutin afin que tous les postes soient pourvus.<\/p>\n\n\n\n<p>C\u2019est alors que le nouveau bureau prend imm\u00e9diatement ses fonctions.<\/p>\n\n\n\n<p>Lorsqu\u2019une fonction au sein du bureau est vacante par suite de la d\u00e9mission, d\u2019un d\u00e9c\u00e8s ou de la radiation de l\u2019un de ses membres, le Pr\u00e9sident proc\u00e9dera \u00e0 un appel \u00e0 candidature pour cette fonction et la d\u00e9cision sera prise par vote lors d\u2019une r\u00e9union mensuelle de l\u2019association.<\/p>\n\n\n\n<p>La d\u00e9mission d\u2019un des membres du bureau n\u2019entra\u00eene pas la perte de la qualit\u00e9 de membre de l\u2019association.<\/p>\n\n\n\n<p>En cas de d\u00e9mission simultan\u00e9e d\u2019au moins 2 des membres du bureau, les fonctions dudit bureau cessent de plein droit et le Pr\u00e9sident convoque alors une AGE pour proc\u00e9der \u00e0 son renouvellement complet selon les modalit\u00e9s de l\u2019assembl\u00e9e g\u00e9n\u00e9rale extraordinaire.<\/p>\n\n\n\n<h1 class=\"wp-block-heading\"><strong><u>Article 7 \u2013 Commission de travail<\/u><\/strong><\/h1>\n\n\n\n<p>Des commissions de travail peuvent \u00eatre constitu\u00e9es par d\u00e9cision du bureau.<\/p>\n\n\n\n<h1 class=\"wp-block-heading\"><strong><u>Article 8 &#8211;&nbsp;Modification du r\u00e8glement int\u00e9rieur<\/u><\/strong><\/h1>\n\n\n\n<p>Le r\u00e8glement int\u00e9rieur est \u00e9tabli par le bureau conform\u00e9ment \u00e0 l&rsquo;article 15 des statuts de l&rsquo;association.<\/p>\n\n\n\n<p>Il peut \u00eatre modifi\u00e9 par le bureau sur proposition de membres et approuv\u00e9 par l\u2019Assembl\u00e9e G\u00e9n\u00e9rale Extraordinaire \u00e0 la majorit\u00e9 simple des membres.<\/p>\n\n\n\n<p>Le nouveau r\u00e8glement int\u00e9rieur est remis \u00e0 tous les membres de l&rsquo;association sous un d\u00e9lai de 3 mois suivant la date de la modification sous format courrier num\u00e9rique de pr\u00e9f\u00e9rence ( soucis d\u2019\u00e9cocitoyennet\u00e9) ou sous format papier aux membres ne poss\u00e9dant pas de moyen pour recevoir les courriers num\u00e9riques.<\/p>\n\n\n\n<p>Arc les Gray le 12\/12\/2021<\/p>\n\n\n\n<p>Signatures<\/p>\n\n\n\n<p>           Le Pr\u00e9sident                                            Le Vice-Pr\u00e9sident<\/p>\n\n\n\n<p>Jean yves MARCHAND                           Jean Morgan MARCHAND<\/p>\n","protected":false},"excerpt":{"rendered":"<p>Pr\u00e9ambule Le r\u00e8glement int\u00e9rieur a pour objet de pr\u00e9ciser les statuts de l&rsquo;association PASSION V\u00c9HICULES VAL de SA\u00d4NE (P2VS) dont le si\u00e8ge est&nbsp;fix\u00e9 1 place accarier 70100 ARC LES GRAY. [&hellip;]<\/p>\n","protected":false},"author":1,"featured_media":0,"parent":0,"menu_order":0,"comment_status":"closed","ping_status":"closed","template":"","meta":{"footnotes":""},"_links":{"self":[{"href":"https:\/\/passionvehiculesvaldesaone.com\/index.php\/wp-json\/wp\/v2\/pages\/102"}],"collection":[{"href":"https:\/\/passionvehiculesvaldesaone.com\/index.php\/wp-json\/wp\/v2\/pages"}],"about":[{"href":"https:\/\/passionvehiculesvaldesaone.com\/index.php\/wp-json\/wp\/v2\/types\/page"}],"author":[{"embeddable":true,"href":"https:\/\/passionvehiculesvaldesaone.com\/index.php\/wp-json\/wp\/v2\/users\/1"}],"replies":[{"embeddable":true,"href":"https:\/\/passionvehiculesvaldesaone.com\/index.php\/wp-json\/wp\/v2\/comments?post=102"}],"version-history":[{"count":4,"href":"https:\/\/passionvehiculesvaldesaone.com\/index.php\/wp-json\/wp\/v2\/pages\/102\/revisions"}],"predecessor-version":[{"id":248,"href":"https:\/\/passionvehiculesvaldesaone.com\/index.php\/wp-json\/wp\/v2\/pages\/102\/revisions\/248"}],"wp:attachment":[{"href":"https:\/\/passionvehiculesvaldesaone.com\/index.php\/wp-json\/wp\/v2\/media?parent=102"}],"curies":[{"name":"wp","href":"https:\/\/api.w.org\/{rel}","templated":true}]}}